{"id":845,"date":"2019-01-09T23:04:43","date_gmt":"2019-01-09T23:04:43","guid":{"rendered":"http:\/\/halley.uis.edu.co\/clases\/lnunez\/?page_id=845"},"modified":"2019-02-07T12:27:27","modified_gmt":"2019-02-07T12:27:27","slug":"diplomado-en-fisica-medica-2019","status":"publish","type":"page","link":"https:\/\/halley.uis.edu.co\/clases\/lnunez\/?page_id=845","title":{"rendered":"Diplomado en Protecci\u00f3n Radiol\u00f3gica y Radioterapia"},"content":{"rendered":"<h1>Diplomado en F\u00edsica de la Radiaci\u00f3n Ionizante con profundizaci\u00f3n en Protecci\u00f3n Radiol\u00f3gica y Radioterapia<\/h1>\n<h2>Justificaci\u00f3n y alcances<\/h2>\n<p style=\"text-align: left;\"><span lang=\"ES-CO\">Cada vez m\u00e1s, y con mayor frecuencia,<\/span><span lang=\"ES-CO\">\u00a0aumenta la complejidad de los equipos, diagn\u00f3sticos y tratamientos que involucran radiaciones ionizantes. Por ello, es indispensable\u00a0 una\u00a0 capacitaci\u00f3n permanente de los profesionales que permita\u00a0<\/span><span lang=\"ES-CO\">familiarizarlos con los fundamentos f\u00edsicos, biol\u00f3gicos y t\u00e9cnicos sobre los cuales se apoya el manejo, la operaci\u00f3n y la investigaci\u00f3n de este sofisticado instrumental.<\/span><\/p>\n<p>Para atender a esta importante necesidad de capacitaci\u00f3n continua de profesionales del \u00e1rea de ciencias de la salud y de las \u00e1reas t\u00e9cnicas (F\u00edsica, Ingenier\u00eda e Inform\u00e1tica), la Escuela de F\u00edsica y la Escuela de Biolog\u00eda, de la Universidad Industrial de Santander, en cooperaci\u00f3n con el Departamento F\u00edsica M\u00e9dica de la Gerencia F\u00edsica del Centro At\u00f3mico Bariloche, han dise\u00f1ado el <strong>Diplomando en F\u00edsica M\u00e9dica<\/strong>.<\/p>\n<p><a href=\"http:\/\/halley.uis.edu.co\/clases\/lnunez\/wp-content\/uploads\/2019\/01\/IMG_9308.jpg\"><img loading=\"lazy\" decoding=\"async\" class=\"size-medium wp-image-875 alignleft\" src=\"http:\/\/halley.uis.edu.co\/clases\/lnunez\/wp-content\/uploads\/2019\/01\/IMG_9308-282x300.jpg\" alt=\"\" width=\"282\" height=\"300\" srcset=\"https:\/\/halley.uis.edu.co\/clases\/lnunez\/wp-content\/uploads\/2019\/01\/IMG_9308-282x300.jpg 282w, https:\/\/halley.uis.edu.co\/clases\/lnunez\/wp-content\/uploads\/2019\/01\/IMG_9308-768x816.jpg 768w, https:\/\/halley.uis.edu.co\/clases\/lnunez\/wp-content\/uploads\/2019\/01\/IMG_9308-964x1024.jpg 964w\" sizes=\"auto, (max-width: 282px) 100vw, 282px\" \/><\/a><\/p>\n<p><span lang=\"ES-CO\">La F\u00edsica M\u00e9dica es una rama de la F\u00edsica Aplicada e Interdisciplinar, que relaciona los conceptos y m\u00e9todos f\u00edsicos que requieren el diagn\u00f3stico y tratamiento de las enfermedades humanas.<\/span><\/p>\n<p><span lang=\"ES-CO\">Este diplomado es naturalmente multidisciplinar y aspira a crear un espacio com\u00fan para la discusi\u00f3n de ideas entre la F\u00edsica y las Ciencias de la Salud. Busca proporcionar el inicio de la formaci\u00f3n que vincule la F\u00edsica, la Biolog\u00eda, las Ciencias de la Salud, las Matem\u00e1ticas y la Inform\u00e1tica. Por un lado, est\u00e1 orientado a los profesionales del \u00e1rea de la salud que quieran comprender los principios f\u00edsicos b\u00e1sicos de la operaci\u00f3n y del tratamiento de im\u00e1genes generadas por instrumentos basados en radiaciones ionizantes. Por otro lado, persigue iniciar, en aspectos fisiol\u00f3gicos y biol\u00f3gicos a f\u00edsicos, licenciados en f\u00edsica, ingenieros f\u00edsicos y otros profesionales de ciencias b\u00e1sicas e ingenier\u00eda<\/span><\/p>\n<h2>Los m\u00f3dulos y su contenido<\/h2>\n<p>El plan de estudio de este diplomado lo constituyen tres m\u00f3dulos, de 40h acad\u00e9micas.<\/p>\n<h3><strong>F\u00edsica de la radioterapia.<\/strong><\/h3>\n<p>Este m\u00f3dulo proporciona una perspectiva general y moderna de la f\u00edsica de las t\u00e9cnicas de radioterapia y diagn\u00f3stico por im\u00e1genes utilizadas en la actualidad. Es una introducci\u00f3n general a los procesos f\u00edsicos de los tratamientos de radioterapia y medicina nuclear, y en los m\u00e9todos de diagn\u00f3stico por im\u00e1genes m\u00e1s utilizados en la actualidad: NMR, CT, SPECT-CT, PET, PET-CT y PET-MR.<a href=\"http:\/\/halley.uis.edu.co\/clases\/lnunez\/wp-content\/uploads\/2019\/01\/Asorey.jpeg\"><br \/>\n<\/a><\/p>\n<p><a href=\"http:\/\/halley.uis.edu.co\/clases\/lnunez\/wp-content\/uploads\/2019\/01\/Asorey.jpeg\"><img loading=\"lazy\" decoding=\"async\" class=\"size-full wp-image-856 alignleft\" src=\"http:\/\/halley.uis.edu.co\/clases\/lnunez\/wp-content\/uploads\/2019\/01\/Asorey.jpeg\" alt=\"\" width=\"217\" height=\"232\" \/><\/a><\/p>\n<p><a href=\"https:\/\/scholar.google.co.ve\/citations?user=Vj7_fGsAAAAJ&amp;hl=en\"><strong>Dr. Hern\u00e1n Asorey,<\/strong><\/a> Departamento F\u00edsica M\u00e9dica, Centro At\u00f3mico Bariloche, Instituto Balseiro, San Carlos de Bariloche-Argentina. Maestr\u00eda y Doctorado en el Instituto Balseiro (2004-2005 y \u00a02007-2012, respectivamente), Posdoctorado Universidad Industrial de Santander 2013-2015. Investigador adjunto de la Comisi\u00f3n Nacional de Energ\u00eda At\u00f3mica, Profesor Asociado de la Universidad de Rio Negro San Carlos de Bariloche-Argentina. Actualmente el Dr. Asorey es el Jefe del Departamento de F\u00edsica M\u00e9dica del Centro At\u00f3mico Bariloche e Instituto Balseiro, y est\u00e1 a cargo del Laboratorio de Radioterapias \u00a0y Dispositivos M\u00e9dicos. Adem\u00e1s, forma parte del comit\u00e9 acad\u00e9mico de la Maestr\u00eda en F\u00edsica M\u00e9dica de ese mismo instituto.<\/p>\n<p>Programa detallado del <a href=\"http:\/\/halley.uis.edu.co\/clases\/lnunez\/?page_id=860\">M\u00f3dulo F\u00edsica de la Radioterapia<\/a><\/p>\n<h3><b>Efecto Biol\u00f3gico de la Radiaci\u00f3n Ionizante.\u00a0<\/b><\/h3>\n<h3><span lang=\"ES-CO\">Naturaleza y efectos biol\u00f3gicos del da\u00f1o producido en el ADN por la radiaci\u00f3n ionizante.\u00a0Reparaci\u00f3n del da\u00f1o en el ADN producidos por radiaci\u00f3n ionizantes. \u00a0Respuestas celulares al da\u00f1o gen\u00f3mico producidos por radiaci\u00f3n ionizantes. \u00a0\u00a0<\/span><\/h3>\n<p><a href=\"http:\/\/halley.uis.edu.co\/clases\/lnunez\/wp-content\/uploads\/2019\/01\/Fuentes.jpeg\"><img loading=\"lazy\" decoding=\"async\" class=\"size-full wp-image-865 alignright\" src=\"http:\/\/halley.uis.edu.co\/clases\/lnunez\/wp-content\/uploads\/2019\/01\/Fuentes.jpeg\" alt=\"\" width=\"200\" height=\"200\" srcset=\"https:\/\/halley.uis.edu.co\/clases\/lnunez\/wp-content\/uploads\/2019\/01\/Fuentes.jpeg 200w, https:\/\/halley.uis.edu.co\/clases\/lnunez\/wp-content\/uploads\/2019\/01\/Fuentes-150x150.jpeg 150w\" sizes=\"auto, (max-width: 200px) 100vw, 200px\" \/><\/a><strong><a href=\"https:\/\/scholar.google.co.ve\/citations?user=gLuu57cAAAAJ&amp;hl=en\">Dr. Jorge Luis Fuentes Lorenzo<\/a>.<\/strong> Escuela de Biolog\u00eda, Universidad Industrial de Santander, Bucaramanga-Colombia. Doctorado en Ciencias Agr\u00edcolas,\u00a0Instituto Nacional De Ciencias Agr\u00edcolas (1999-2003) La Habana Cuba. Maestr\u00eda en Biolog\u00eda Vegetal Universidad de la Habana-Cuba 1996-1998. \u00a0El Dr. Fuentes Lorenzo es Microbi\u00f3logo, con vasta experiencia en evaluaci\u00f3n de da\u00f1o celular por radiaciones ionizantes.<\/p>\n<h3><strong>F\u00edsica de la imagen m\u00e9dica<\/strong><\/h3>\n<p>Este curso presenta los principales m\u00e9todos de imagenolog\u00eda m\u00e9dica, a saber, rayos X, medicina nuclear, resonancia magn\u00e9tica y ultrasonido. Permite a los estudiantes desarrollar una comprensi\u00f3n de los principios de la f\u00edsica que subyacen a estas t\u00e9cnicas de imagen y una conciencia de sus aplicaciones cl\u00ednicas. Tambi\u00e9n discute el principio matem\u00e1tico involucrado en la formaci\u00f3n y procesamiento de im\u00e1genes y proporciona experiencia en su uso.<\/p>\n<p><a href=\"http:\/\/halley.uis.edu.co\/clases\/lnunez\/wp-content\/uploads\/2019\/01\/Meneses2.jpeg\"><img loading=\"lazy\" decoding=\"async\" class=\"size-full wp-image-868 alignleft\" src=\"http:\/\/halley.uis.edu.co\/clases\/lnunez\/wp-content\/uploads\/2019\/01\/Meneses2.jpeg\" alt=\"\" width=\"237\" height=\"244\" \/><\/a><strong>Dr. Jaime Enrique Meneses Fonseca\u00a0<\/strong>Escuela de F\u00edsica, Universidad Industrial de Santander. Doctorado en Ciencias para la Ingenier\u00eda,\u00a0Universit\u00e9 de Franche-Comt\u00e9\u00a0Besan\u00e7on Francia (1994 &#8211; 1998) Maestr\u00eda en F\u00edsica, Universidad Industrial de Santander, Bucaramanga-Colombia (1990-1993). El Dr. Meneses Fonseca es especialista en metrolog\u00eda \u00f3ptica y ha incursionado en la imagenolog\u00eda m\u00e9dica<\/p>\n<h2><\/h2>\n<h2>Inversi\u00f3n y horarios<\/h2>\n<p>Los horarios para el desarrollo de cada m\u00f3dulo del Diplomado en F\u00edsica M\u00e9dica,\u00a0<span lang=\"ES-CO\">estar\u00e1n distribuidos en 4 fines de semana, los d\u00edas viernes en el horario de 18h a 22h y los d\u00edas s\u00e1bado en el horario de 08h a 14h<\/span><\/p>\n<p>Los costos de la inversi\u00f3n por m\u00f3dulo ser\u00e1n:<\/p>\n<ul>\n<li>P\u00fablico en general\u00a0<span lang=\"ES-CO\">$799.796<\/span><\/li>\n<li>Comunidad UIS\u00a0<span lang=\"ES-CO\">$679.827<\/span><\/li>\n<\/ul>\n<h3>Existe la posibilidad de subsidios para grupos de 3 o m\u00e1s participantes de una misma entidad que realicen el \u00fanico pago de la totalidad del diplomado. Si es el caso, por favor comunicarse con la coordinaci\u00f3n del Diplomado<\/h3>\n<h3><strong>Informaci\u00f3n adicional y contactos:\u00a0<\/strong><br \/>\nIng. Amanda Balaguera Rojas\u00a0amandabr@uis.edu.co<br \/>\nTlf +57 (7) 634 4000 interno 2286 \u00a0Directo y telefax +57 (7) 632 3447<br \/>\nEscuela de F\u00edsica, Universidad Industrial de Santander<br \/>\nCiudad Universitaria, Carrera 27\/Calle 9<br \/>\nBucaramanga<\/h3>\n<p>&nbsp;<\/p>\n","protected":false},"excerpt":{"rendered":"<p>Diplomado en F\u00edsica de la Radiaci\u00f3n Ionizante con profundizaci\u00f3n en Protecci\u00f3n Radiol\u00f3gica y Radioterapia Justificaci\u00f3n y alcances Cada vez m\u00e1s, y con mayor frecuencia,\u00a0aumenta la complejidad de los equipos, diagn\u00f3sticos y tratamientos que involucran radiaciones ionizantes. Por ello, es indispensable\u00a0 &hellip; <a href=\"https:\/\/halley.uis.edu.co\/clases\/lnunez\/?page_id=845\">Sigue leyendo <span class=\"meta-nav\">&rarr;<\/span><\/a><\/p>\n","protected":false},"author":1,"featured_media":0,"parent":0,"menu_order":0,"comment_status":"closed","ping_status":"closed","template":"","meta":{"_exactmetrics_skip_tracking":false,"_exactmetrics_sitenote_active":false,"_exactmetrics_sitenote_note":"","_exactmetrics_sitenote_category":0,"footnotes":""},"class_list":["post-845","page","type-page","status-publish","hentry"],"_links":{"self":[{"href":"https:\/\/halley.uis.edu.co\/clases\/lnunez\/index.php?rest_route=\/wp\/v2\/pages\/845","targetHints":{"allow":["GET"]}}],"collection":[{"href":"https:\/\/halley.uis.edu.co\/clases\/lnunez\/index.php?rest_route=\/wp\/v2\/pages"}],"about":[{"href":"https:\/\/halley.uis.edu.co\/clases\/lnunez\/index.php?rest_route=\/wp\/v2\/types\/page"}],"author":[{"embeddable":true,"href":"https:\/\/halley.uis.edu.co\/clases\/lnunez\/index.php?rest_route=\/wp\/v2\/users\/1"}],"replies":[{"embeddable":true,"href":"https:\/\/halley.uis.edu.co\/clases\/lnunez\/index.php?rest_route=%2Fwp%2Fv2%2Fcomments&post=845"}],"version-history":[{"count":29,"href":"https:\/\/halley.uis.edu.co\/clases\/lnunez\/index.php?rest_route=\/wp\/v2\/pages\/845\/revisions"}],"predecessor-version":[{"id":884,"href":"https:\/\/halley.uis.edu.co\/clases\/lnunez\/index.php?rest_route=\/wp\/v2\/pages\/845\/revisions\/884"}],"wp:attachment":[{"href":"https:\/\/halley.uis.edu.co\/clases\/lnunez\/index.php?rest_route=%2Fwp%2Fv2%2Fmedia&parent=845"}],"curies":[{"name":"wp","href":"https:\/\/api.w.org\/{rel}","templated":true}]}}